{"id":643,"date":"2024-08-06T17:56:57","date_gmt":"2024-08-06T15:56:57","guid":{"rendered":"https:\/\/www.explorando.cl\/transcontinente\/?post_type=destino&#038;p=643"},"modified":"2024-08-07T17:33:05","modified_gmt":"2024-08-07T15:33:05","slug":"caminos-de-la-biblia-3-2","status":"publish","type":"destino","link":"https:\/\/www.explorando.cl\/transcontinente\/destino\/caminos-de-la-biblia-3-2\/","title":{"rendered":"Maravillas de Europa 2024"},"content":{"rendered":"<section class=\"l-section wpb_row height_medium\"><div class=\"l-section-h i-cf\"><div class=\"g-cols vc_row via_grid cols_1 laptops-cols_inherit tablets-cols_inherit mobiles-cols_1 valign_top type_default stacking_default\"><div class=\"wpb_column vc_column_container\"><div class=\"vc_column-inner\"><div class=\"w-slider style_none fit_scaledown\"><div class=\"w-slider-h\"><div class=\"royalSlider\"><div class=\"rsContent\"><a class=\"rsImg\" data-rsw=\"1600\" data-rsh=\"900\" href=\"https:\/\/www.explorando.cl\/transcontinente\/wp-content\/uploads\/2024\/08\/151.jpg\"><span data-alt=\"\"><\/span><\/a><\/div><div class=\"rsContent\"><a class=\"rsImg\" data-rsw=\"1600\" data-rsh=\"900\" href=\"https:\/\/www.explorando.cl\/transcontinente\/wp-content\/uploads\/2024\/08\/141.jpg\"><span data-alt=\"\"><\/span><\/a><\/div><div class=\"rsContent\"><a class=\"rsImg\" data-rsw=\"1600\" data-rsh=\"900\" href=\"https:\/\/www.explorando.cl\/transcontinente\/wp-content\/uploads\/2024\/08\/131.jpg\"><span data-alt=\"\"><\/span><\/a><\/div><\/div><img decoding=\"async\" src=\"https:\/\/www.explorando.cl\/transcontinente\/wp-content\/uploads\/2024\/08\/151.jpg\" width=\"1600\" height=\"900\" alt loading=\"lazy\"><\/div><div class=\"w-slider-json\" onclick='return {&quot;autoScaleSlider&quot;:true,&quot;loop&quot;:true,&quot;fadeInLoadedSlide&quot;:false,&quot;slidesSpacing&quot;:0,&quot;imageScalePadding&quot;:0,&quot;numImagesToPreload&quot;:2,&quot;arrowsNav&quot;:true,&quot;arrowsNavAutoHide&quot;:false,&quot;transitionType&quot;:&quot;move&quot;,&quot;transitionSpeed&quot;:250,&quot;block&quot;:{&quot;moveEffect&quot;:&quot;none&quot;,&quot;speed&quot;:300},&quot;thumbs&quot;:{&quot;fitInViewport&quot;:false},&quot;controlNavigation&quot;:&quot;none&quot;,&quot;imageScaleMode&quot;:&quot;fit-if-smaller&quot;,&quot;autoScaleSliderWidth&quot;:1600,&quot;autoScaleSliderHeight&quot;:900}'><\/div><\/div><div class=\"wpb_text_column\"><div class=\"wpb_wrapper\"><div class=\"product-0-0-1-header widget-page-product widget-type-header widget-id-header_1668448216405\">\n<div class=\"border-b border-b-gray-300 z-50 duration-300 transition-all\">\n<div class=\"p-2 text-primary-content w-full mx-auto relative\">\n<div class=\"container navbar p-0 mx-auto flex flex-row items-center justify-between\">\n<div class=\"navbar-start\">\n<div class=\"hidden md:flex flex-row items-center justify-between w-full menu-text-color\"><\/div>\n<\/div>\n<div class=\"navbar-end\">\n<div class=\"dropdown dropdown-end\"><strong><em>PRECIO EN D\u00d3LARES<\/em><\/strong><\/div>\n<\/div>\n<\/div>\n<\/div>\n<\/div>\n<\/div>\n<div class=\"product-0-0-2-product widget-page-product widget-type-product widget-id-product_1668448220808\">\n<section class=\"text-gray-600 body-font w-full mx-auto md:w-4\/5 \">\n<div class=\"grid grid-cols-6 gap-0 md:gap-6 w-full\">\n<div class=\"col-span-6 md:col-span-3 p-8\">\n<div class=\"leading-relaxed text-justify text-sm\">\n<p>Paris \/ Viena: 15 D\u00edas \/ 13 Noches<\/p>\n<p><strong><u>Precio Incluye:<\/u><\/strong><\/p>\n<ul>\n<li>Transporte durante todo el recorrido europeo en unidades de gran Confort con WI-FI incluido y choferes<\/li>\n<li>experimentados.<\/li>\n<li>Acompa\u00f1amiento de Gu\u00eda correo desde el inicio hasta el fin del circuito.<\/li>\n<li>Traslados de llegada y salida del aeropuerto a hotel y vice versa.<\/li>\n<li>Alojamiento y Desayuno Buffet en los hoteles indicados o de similar categor\u00eda Superior.<\/li>\n<li>Todas las tasas tur\u00edsticas en las ciudades de pernocte.<\/li>\n<li>Gu\u00edas locales para las visitas de las ciudades Tal como se indica en el itinerario.<\/li>\n<li>Seguro TOTAL Trabax.<\/li>\n<li>Bolsa de Viaje.<\/li>\n<\/ul>\n<p>EUROPACK<\/p>\n<p>Paris \/ Paris 18 D\u00edas 330 $<\/p>\n<p>7 comidas \/ 5 visitas<\/p>\n<p>Paris \/ Viena 15 D\u00edas 280 $<\/p>\n<p>6 comidas \/ 5 visitas<\/p>\n<p>Incluye:<\/p>\n<p>COMIDAS<\/p>\n<ul>\n<li>Almuerzo en Montmartre<\/li>\n<li>Almuerzo en Berlin<\/li>\n<li>Almuerzo T\u00edpico en Praga<\/li>\n<li>Almuerzo en Karlovy Vary<\/li>\n<li>Cena T\u00edpica en Budapest<\/li>\n<li>Cena y Espect\u00e1culo en Viena<\/li>\n<li>Almuerzo en Lucerna<\/li>\n<\/ul>\n<p>VISITAS<\/p>\n<ul>\n<li>Subida Torre Eiffel 2\u00ba Piso<\/li>\n<li>Paseo en Bateaux Par\u00edsiens por el rio Sena<\/li>\n<li>Visita a Potsdam y Jardines de Sanssouci<\/li>\n<li>Excursi\u00f3n a Karlovy Vary<\/li>\n<\/ul>\n<p><u>ITINERARIO<\/u><\/p>\n<p><strong>D\u00eda 1\u00ba\u00a0<\/strong>(martes): AMERICA<\/p>\n<p>Salida en vuelo intercontinental con destino a Paris.<\/p>\n<p><strong>D\u00eda 2\u00ba<\/strong>\u00a0(Mi\u00e9rcoles) PAR\u00cdS<\/p>\n<p>Traslado privado del Aeropuerto al Hotel y resto del d\u00eda libre. Alojamiento<\/p>\n<p><strong>D\u00eda 3\u00ba<\/strong>\u00a0(jueves): PAR\u00cdS<\/p>\n<p>Desayuno buffet. D\u00eda libre para descubrir esta bella ciudad. Recomendamos pasear por los jardines de las Tullir\u00edas y visitar<\/p>\n<p>el Museo del Louvre. Pasear por la Rue de Saint Honore, esta calle lo tiene todo: tiendas, iglesias, hoteles, caf\u00e9s,<\/p>\n<p>restaurantes y personas. Hasta cuenta con palacios, como el del El\u00edseo o el Palais Royal, o simplemente sentarse en un<\/p>\n<p>Bistr\u00f3 y ver como los parisinos entienden el d\u00eda a d\u00eda de su vida. Alojamiento.<\/p>\n<p><strong>D\u00eda 4\u00ba<\/strong>\u00a0(viernes): PAR\u00cdS<\/p>\n<p>Desayuno buffet. Visita panor\u00e1mica con gu\u00eda local de la ciudad de Par\u00eds: la \u00d3pera, el Museo de Orsay, la Plaza de la<\/p>\n<p>Concordia, los Campos El\u00edseos, el Arco del Triunfo, los Inv\u00e1lidos, etc. A continuaci\u00f3n, y de forma opcional podremos<\/p>\n<p>realizar un espectacular paseo en barco por el rio Sena a bordo de los conocidos \u201cBateaux Parisiens\u201d (Paseo en Bateaux<\/p>\n<p>Parisiens incluido en el Europack). A continuaci\u00f3n, les recomendamos un almuerzo opcional en un bistr\u00f3 de Montmartre<\/p>\n<p>conocido como el Barrio de los Pintores. (Almuerzo incluido en el Europack). Tarde Libre. Esta tarde recomendamos una<\/p>\n<p>opcional a la Torre Eiffel. (Subida a la Torre Eiffel 2\u00ba piso incluida en el Europack). Alojamiento.<\/p>\n<p><strong>D\u00eda 5\u00ba<\/strong>\u00a0(S\u00e1bado): PARIS \/ REIMS \/ FRANCKFURT (577 Kms)<\/p>\n<p>Desayuno buffet en el hotel. Salida hacia la regi\u00f3n de la Champa\u00f1a para llegas a Reims, tierra de vi\u00f1edos y celebre por su<\/p>\n<p>catedral, famosa por ser la de la consagraci\u00f3n de los Reyes de Francia tiempo libre para admirar esta belleza del g\u00f3tico.<\/p>\n<p>Continuaci\u00f3n hacia la frontera alemana y tierras del rio Rhin. Llegada a Frankfurt a \u00faltima hora de la tarde y alojamiento.<\/p>\n<p><strong>D\u00eda 6\u00ba<\/strong>\u00a0(Domingo): FRANCKFURT \/ ERFURT \/ BERLIN (550 Kms)<\/p>\n<p>Desayuno buffet en el hotel. Salida hacia Erfurt, situada en el cruce de caminos de antiguas rutas comerciales y capital de<\/p>\n<p>Turingia. Ciudad que ha sigo punto de encuentro de intelectuales y centro neur\u00e1lgico de la Reforma Protestante. Ciudad<\/p>\n<p>de la que Lutero, la ensalzo en m\u00e1s de una ocasi\u00f3n denomin\u00e1ndola \u201cLa coronada por numerosas torre\u201d, por su gran<\/p>\n<p>patrimonio art\u00edstico. Tiempo libre tiempo libre para conocer el centro hist\u00f3rico de la ciudad, pr\u00e1cticamente intacto, en el<\/p>\n<p>que destaca la catedral de Santa Mar\u00eda y la iglesia de San Severo, conjunto \u00fanico en Europa de obras maestras<\/p>\n<p>arquitect\u00f3nicas del G\u00f3tico alem\u00e1n, las casas de entramado de madera y por supuesto, el Kammerbrucke, el puente m\u00e1s<\/p>\n<p>largo de Europa bordeado por casas con talleres de artesanos, galer\u00edas, peque\u00f1as tabernas, tiendas de m\u00fasica y de<\/p>\n<p>antig\u00fcedades. Continuaci\u00f3n a la capital de la Alemania reunificada, la monumental ciudad de Berl\u00edn. Llegada a \u00faltima hora<\/p>\n<p>de la tarde y alojamiento.<\/p>\n<p><strong>D\u00eda 7\u00ba\u00a0<\/strong>(lunes): BERLIN<\/p>\n<p>Desayuno buffet en el hotel. Por la ma\u00f1ana visita panor\u00e1mica de la ciudad con gu\u00eda local, para conocer los principales<\/p>\n<p>monumentos, calles y avenidas de esta importante ciudad, s\u00edmbolo de la reunificaci\u00f3n: la puerta de Brandemburgo, la<\/p>\n<p>iglesia memorial del K\u00e1iser Guillermo, el Reichstag y los restos del famoso muro que divid\u00eda la ciudad hasta 1989.<\/p>\n<p>Almuerzo opcional. (Almuerzo incluido en el Europack) Tarde libre para realizar opcionalmente una visita a la ciudad de<\/p>\n<p>Potsdam, all\u00ed se firm\u00f3 la paz y se dio por finalizada la Segunda Guerra Mundial, y los jardines del Palacio Sanssouci, la<\/p>\n<p>residencia de verano de Federico II el Grande. (Visita a Potsdam y Jardines del Palacio Sanssouci incluidos en el<\/p>\n<p>Europack). Alojamiento<\/p>\n<p><strong>D\u00eda 8\u00ba\u00a0<\/strong>(Martes): BERLIN \/ DRESDEN \/ PRAGA (340 Kms)<\/p>\n<p>Desayuno buffet en el hotel. Salida hacia Dresden, la antigua capital de Sajonia, a orillas del r\u00edo Elba, que fue<\/p>\n<p>pr\u00e1cticamente destruida durante los bombardeos en la II Guerra Mundial. Tiempo libre y continuaci\u00f3n hacia la Rep\u00fablica<\/p>\n<p>Checa para llegar a Praga. Alojamiento.<\/p>\n<p><strong>D\u00eda 9\u00ba<\/strong>\u00a0(mi\u00e9rcoles): PRAGA<\/p>\n<p>Desayuno buffet en el hotel. Por la ma\u00f1ana visita panor\u00e1mica de la ciudad con gu\u00eda local, recorriendo el pintoresco Barrio<\/p>\n<p>Peque\u00f1o \u201cMal\u00e1 Strana\u201d, la Iglesia de la Victoria del Ni\u00f1o Jes\u00fas de Praga, el Puente de Carlos, la Ciudad Vieja y su Reloj<\/p>\n<p>Astron\u00f3mico. Almuerzo opcional en un t\u00edpico restaurante. (Almuerzo incluido en el Europack). Tarde libre en la que<\/p>\n<p>sugerimos hacer una visita opcional al Castillo de Praga, y la Catedral de San Vito, o continuar disfrutando de esta bella<\/p>\n<p>ciudad. Alojamiento<\/p>\n<p><strong>D\u00eda 10\u00ba\u00a0<\/strong>(jueves): PRAGA<\/p>\n<p>Desayuno buffet en el hotel. D\u00eda libre para seguir recorriendo esta magn\u00edfica ciudad. Recomendamos realizar una<\/p>\n<p>excursi\u00f3n opcional a la bella ciudad de Karlovy Vary, Balneario del siglo XIX que conserva la atm\u00f3sfera de la alta sociedad y<\/p>\n<p>realeza checa, almuerzo y regreso por la tarde a Praga. (Visita y Almuerzo incluidos en el Europack). Alojamiento<\/p>\n<p><strong>D\u00eda 11\u00ba<\/strong>\u00a0(Viernes): PRAGA \/ BRATISLAVA \/ BUDAPEST (529 Kms)<\/p>\n<p>Desayuno buffet en el hotel. Salida hacia Bratislava, capital de Eslovaquia. Breve parada. Continuaci\u00f3n del viaje hasta<\/p>\n<p>Budapest, capital de Hungr\u00eda. Por la noche se ofrecer\u00e1 opcionalmente una cena h\u00fangara. (Cena incluida en el Europack).<\/p>\n<p>Alojamiento.<\/p>\n<p><strong>D\u00eda 12\u00ba\u00a0<\/strong>(s\u00e1bado): BUDAPEST<\/p>\n<p>Desayuno buffet en el hotel. Visita panor\u00e1mica con gu\u00eda local, la ciudad se divide en dos zonas, \u201cBuda\u201d donde se<\/p>\n<p>encuentra la ciudad vieja, y \u201cPest\u201d zona moderna y comercial. Comenzaremos por la Colina del Castillo en Buda para<\/p>\n<p>contemplar el Danubio y toda la extensi\u00f3n de Pest. Recorreremos el Barrio Antiguo para conocer los or\u00edgenes de la ciudad,<\/p>\n<p>pasando por la catedral de Mat\u00edas, s\u00edmbolo de la \u00e9poca m\u00e1s gloriosa de Hungr\u00eda, El Basti\u00f3n de los Pescadores, etc. Tarde<\/p>\n<p>libre para disfrutar de la ciudad. Alojamiento.<\/p>\n<p><strong>D\u00eda 13\u00ba<\/strong>\u00a0(Domingo): BUDAPEST \/ VIENA (243 Kms)<\/p>\n<p>Desayuno buffet. Salida en autob\u00fas hacia la capital de Austria donde llegaremos a primera hora de la tarde. Tarde libre.<\/p>\n<p>Alojamiento.<\/p>\n<p><strong>D\u00eda 14\u00ba\u00a0<\/strong>(lunes): VIENA<\/p>\n<p>Desayuno buffet. Salida para hacer una visita panor\u00e1mica con gu\u00eda local de la ciudad con la majestuosa Ringstrasse, la<\/p>\n<p>avenida que concentra la mayor parte de los edificios hist\u00f3ricos de la ciudad, el Danubio y sus diversos brazos y un paseo<\/p>\n<p>por el casco hist\u00f3rico (Albertina, Hofburg, Plaza de Mar\u00eda Teresa\u2026). Tarde libre para seguir disfrutando de la ciudad. Por la<\/p>\n<p>noche sugerimos asistir opcionalmente a una cena con espect\u00e1culo musical austriaco donde no faltar\u00e1 el famoso vals<\/p>\n<p>vien\u00e9s (Cena y espect\u00e1culo incluidos en el Europack). Alojamiento.<\/p>\n<p><strong>D\u00eda 15\u00ba\u00a0<\/strong>(Martes): VIENA \/ SALZBURGO \/ INNSBRUCK (483 Kms)<\/p>\n<p>Desayuno buffet. Tiempo libre hasta la hora de realizar su traslado al aeropuerto para tomar su vuelo de salida<\/p>\n<\/div>\n<\/div>\n<\/div>\n<\/section>\n<\/div>\n<\/div><\/div><\/div><\/div><\/div><\/div><\/section>\n","protected":false},"featured_media":669,"template":"","categories":[21],"tags":[],"class_list":["post-643","destino","type-destino","status-publish","has-post-thumbnail","hentry","category-internacional"],"acf":[],"_links":{"self":[{"href":"https:\/\/www.explorando.cl\/transcontinente\/wp-json\/wp\/v2\/destino\/643","targetHints":{"allow":["GET"]}}],"collection":[{"href":"https:\/\/www.explorando.cl\/transcontinente\/wp-json\/wp\/v2\/destino"}],"about":[{"href":"https:\/\/www.explorando.cl\/transcontinente\/wp-json\/wp\/v2\/types\/destino"}],"wp:featuredmedia":[{"embeddable":true,"href":"https:\/\/www.explorando.cl\/transcontinente\/wp-json\/wp\/v2\/media\/669"}],"wp:attachment":[{"href":"https:\/\/www.explorando.cl\/transcontinente\/wp-json\/wp\/v2\/media?parent=643"}],"wp:term":[{"taxonomy":"category","embeddable":true,"href":"https:\/\/www.explorando.cl\/transcontinente\/wp-json\/wp\/v2\/categories?post=643"},{"taxonomy":"post_tag","embeddable":true,"href":"https:\/\/www.explorando.cl\/transcontinente\/wp-json\/wp\/v2\/tags?post=643"}],"curies":[{"name":"wp","href":"https:\/\/api.w.org\/{rel}","templated":true}]}}